{"id":267,"date":"2022-09-23T09:30:22","date_gmt":"2022-09-23T09:30:22","guid":{"rendered":"https:\/\/cm-bc.eu\/?page_id=267"},"modified":"2022-09-23T09:43:35","modified_gmt":"2022-09-23T09:43:35","slug":"baptiste-maulion","status":"publish","type":"page","link":"https:\/\/cm-bc.eu\/","title":{"rendered":"Baptiste MAULION"},"content":{"rendered":"\n<hr class=\"wp-block-separator has-alpha-channel-opacity\"\/>\n\n\n\n<p><strong>Activit\u00e9s<\/strong><\/p>\n\n\n\n<figure class=\"wp-block-table\"><table><tbody><tr><td class=\"has-text-align-center\" data-align=\"center\"> <a href=\"https:\/\/www.cedralis.com\" target=\"_blank\" rel=\"noreferrer noopener\"><img decoding=\"async\" loading=\"lazy\" width=\"476\" height=\"78\" class=\"wp-image-269\" style=\"width: 250px;\" src=\"https:\/\/cm-bc.eu\/wp-content\/uploads\/2022\/09\/logo-color.png\" alt=\"\" srcset=\"https:\/\/cm-bc.eu\/wp-content\/uploads\/2022\/09\/logo-color.png 476w, https:\/\/cm-bc.eu\/wp-content\/uploads\/2022\/09\/logo-color-300x49.png 300w\" sizes=\"(max-width: 476px) 100vw, 476px\" \/><\/a><\/td><td class=\"has-text-align-center\" data-align=\"center\"><a href=\"https:\/\/www.hs2.fr\/\" target=\"_blank\" rel=\"noreferrer noopener\"><img decoding=\"async\" loading=\"lazy\" width=\"258\" height=\"107\" class=\"wp-image-270\" style=\"width: 150px;\" src=\"https:\/\/cm-bc.eu\/wp-content\/uploads\/2022\/09\/HS2.jpg\" alt=\"\"><\/a><\/td><\/tr><tr><td class=\"has-text-align-center\" data-align=\"center\">Responsable Grand Projets<\/td><td class=\"has-text-align-center\" data-align=\"center\">Formateur ISO 22301<\/td><\/tr><\/tbody><\/table><\/figure>\n\n\n\n<hr class=\"wp-block-separator has-alpha-channel-opacity\"\/>\n\n\n\n<p><strong>3 comp\u00e9tences cl\u00e9s<\/strong><\/p>\n\n\n\n<ul><li><strong>Expertise m\u00e9tier : <\/strong>Je vous accompagne sur la mise en \u0153uvre de la plateforme de gestion de crise Cedralis. Alerte, mobilisation, gestion collaborative des \u00e9v\u00e9nements majeurs &#8211; MEP, Formation, Exercice, &#8230;<br>Mais aussi : cr\u00e9ation et mise en \u0153uvre de PCA, processus de certification ISO 22301. \u00c9tude de sc\u00e9nario de risque et suivi du risque op\u00e9rationnel. Maintenance des processus de gestion de crise<\/li><li><strong>Animation de r\u00e9seaux \/ Management : <\/strong>Mise en place et suivi de groupes de travail. Animation et management transversal et international, d\u00e9finition et gestion des comp\u00e9tences utiles aux projets.<\/li><li><strong>Pilotage d\u2019activit\u00e9 : <\/strong>Lancement et coordination, consolidation et reporting de projets. Ma\u00eetrise budg\u00e9taire et suivi financier.<\/li><\/ul>\n\n\n\n<p><strong>Plus de d\u00e9tails :<\/strong><\/p>\n\n\n\n<figure class=\"wp-block-image size-full is-resized\"><a href=\"https:\/\/www.linkedin.com\/in\/baptiste-maulion-98baa03\" target=\"_blank\" rel=\"noreferrer noopener\"><img decoding=\"async\" loading=\"lazy\" src=\"https:\/\/cm-bc.eu\/wp-content\/uploads\/2022\/09\/LinkedIn.jpg\" alt=\"\" class=\"wp-image-271\" width=\"127\" height=\"48\"\/><\/a><\/figure>\n","protected":false},"excerpt":{"rendered":"<p>Activit\u00e9s Responsable Grand Projets Formateur ISO 22301 3 comp\u00e9tences cl\u00e9s Expertise m\u00e9tier : Je vous accompagne sur la mise en \u0153uvre de la plateforme de gestion de crise Cedralis. Alerte, mobilisation, gestion collaborative des \u00e9v\u00e9nements majeurs &#8211; MEP, Formation, Exercice, &#8230;Mais aussi : cr\u00e9ation et mise en \u0153uvre de PCA, processus de certification ISO 22301. [&hellip;]<\/p>\n","protected":false},"author":1,"featured_media":0,"parent":0,"menu_order":0,"comment_status":"closed","ping_status":"closed","template":"","meta":{"footnotes":""},"_links":{"self":[{"href":"https:\/\/cm-bc.eu\/index.php?rest_route=\/wp\/v2\/pages\/267"}],"collection":[{"href":"https:\/\/cm-bc.eu\/index.php?rest_route=\/wp\/v2\/pages"}],"about":[{"href":"https:\/\/cm-bc.eu\/index.php?rest_route=\/wp\/v2\/types\/page"}],"author":[{"embeddable":true,"href":"https:\/\/cm-bc.eu\/index.php?rest_route=\/wp\/v2\/users\/1"}],"replies":[{"embeddable":true,"href":"https:\/\/cm-bc.eu\/index.php?rest_route=%2Fwp%2Fv2%2Fcomments&post=267"}],"version-history":[{"count":8,"href":"https:\/\/cm-bc.eu\/index.php?rest_route=\/wp\/v2\/pages\/267\/revisions"}],"predecessor-version":[{"id":282,"href":"https:\/\/cm-bc.eu\/index.php?rest_route=\/wp\/v2\/pages\/267\/revisions\/282"}],"wp:attachment":[{"href":"https:\/\/cm-bc.eu\/index.php?rest_route=%2Fwp%2Fv2%2Fmedia&parent=267"}],"curies":[{"name":"wp","href":"https:\/\/api.w.org\/{rel}","templated":true}]}}